{"id":2742,"date":"2024-08-05T17:56:12","date_gmt":"2024-08-05T20:56:12","guid":{"rendered":"https:\/\/culturacruzeiro.com.br\/index.php\/lpg-dois\/historias-de-inclusao\/"},"modified":"2024-08-05T17:56:12","modified_gmt":"2024-08-05T20:56:12","slug":"historias-de-inclusao","status":"publish","type":"lpg-dois","link":"https:\/\/culturacruzeiro.com.br\/index.php\/lpg-dois\/historias-de-inclusao\/","title":{"rendered":"Historias de inclus\u00e3o"},"content":{"rendered":"<p dir=\"ltr\" style=\"line-height:1.38;text-indent: 36pt;margin-top:12pt;margin-bottom:12pt\"><span style=\"font-size:12pt;font-family:Arial,sans-serif;color:#000000;background-color:transparent;font-weight:400;font-style:normal;font-variant:normal;text-decoration:none;vertical-align:baseline\">O projeto &#8220;Hist\u00f3rias de Inclus\u00e3o&#8221; visa contar a incr\u00edvel jornada de um grupo de mulheres que perceberam a necessidade de incluir pessoas neurodiverg\u00eantes no cotidiano delas e da sociedade ao seu redor. A partir do projeto &#8220;Caminhada Inclusiva&#8221;, que desde 2018 se tornou um movimento social significativo, estas mulheres criaram uma linha de frente para conscientizar e apoiar outras fam\u00edlias e profissionais.&nbsp;<\/span><\/p>\n<p dir=\"ltr\" style=\"line-height:1.38;text-indent: 36pt;margin-top:12pt;margin-bottom:12pt\"><span style=\"font-size:12pt;font-family:Arial,sans-serif;color:#000000;background-color:transparent;font-weight:400;font-style:normal;font-variant:normal;text-decoration:none;vertical-align:baseline\">O document\u00e1rio busca expor as motiva\u00e7\u00f5es, emo\u00e7\u00f5es e realiza\u00e7\u00f5es dessas m\u00e3es e profissionais, destacando suas contribui\u00e7\u00f5es para uma sociedade mais inclusiva. O p\u00fablico-alvo inclui familiares de pessoas neurodiverg\u00eantes, profissionais de sa\u00fade e educa\u00e7\u00e3o, indiv\u00edduos neurodivergentes, estudantes, acad\u00eamicos, organiza\u00e7\u00f5es sociais, o p\u00fablico em geral, formuladores de pol\u00edticas p\u00fablicas e empresas.&nbsp;<\/span><\/p>\n<p><span id=\"docs-internal-guid-e7d0d8fb-7fff-067c-fe30-9c50379c01aa\"><\/span><\/p>\n<p dir=\"ltr\" style=\"line-height:1.38;text-indent: 36pt;margin-top:12pt;margin-bottom:12pt\"><span style=\"font-size:12pt;font-family:Arial,sans-serif;color:#000000;background-color:transparent;font-weight:400;font-style:normal;font-variant:normal;text-decoration:none;vertical-align:baseline\">O impacto esperado abrange o aumento da conscientiza\u00e7\u00e3o p\u00fablica, redu\u00e7\u00e3o de preconceitos, apoio emocional e pr\u00e1tico \u00e0s fam\u00edlias, influ\u00eancia positiva em profissionais de sa\u00fade e educa\u00e7\u00e3o, mudan\u00e7as em pol\u00edticas p\u00fablicas e pr\u00e1ticas mais inclusivas no ambiente de trabalho. O objetivo final \u00e9 inspirar a\u00e7\u00f5es concretas que promovam uma sociedade mais inclusiva e acolhedora para todos.<\/span><\/p>\n","protected":false},"template":"","lpg-dois-de-dois-mil-e-vinte-e-q":[],"acf":[],"yoast_head":"<!-- This site is optimized with the Yoast SEO plugin v22.3 - https:\/\/yoast.com\/wordpress\/plugins\/seo\/ -->\n<title>Historias de inclus\u00e3o - Secretaria de Cultura de Cruzeiro<\/title>\n<meta name=\"robots\" content=\"noindex, follow, max-snippet:-1, max-image-preview:large, max-video-preview:-1\" \/>\n<meta property=\"og:locale\" content=\"pt_BR\" \/>\n<meta property=\"og:type\" content=\"article\" \/>\n<meta property=\"og:title\" content=\"Historias de inclus\u00e3o - Secretaria de Cultura de Cruzeiro\" \/>\n<meta property=\"og:description\" content=\"O projeto &#8220;Hist\u00f3rias de Inclus\u00e3o&#8221; visa contar a incr\u00edvel jornada de um grupo de mulheres que perceberam a necessidade de incluir pessoas neurodiverg\u00eantes no cotidiano delas e da sociedade ao seu redor. A partir do projeto &#8220;Caminhada Inclusiva&#8221;, que desde 2018 se tornou um movimento social significativo, estas mulheres criaram uma linha de frente para [&hellip;]\" \/>\n<meta property=\"og:url\" content=\"https:\/\/culturacruzeiro.com.br\/index.php\/lpg-dois\/historias-de-inclusao\/\" \/>\n<meta property=\"og:site_name\" content=\"Secretaria de Cultura de Cruzeiro\" \/>\n<meta name=\"twitter:card\" content=\"summary_large_image\" \/>\n<meta name=\"twitter:label1\" content=\"Est. tempo de leitura\" \/>\n\t<meta name=\"twitter:data1\" content=\"1 minuto\" \/>\n<script type=\"application\/ld+json\" class=\"yoast-schema-graph\">{\"@context\":\"https:\/\/schema.org\",\"@graph\":[{\"@type\":\"WebPage\",\"@id\":\"https:\/\/culturacruzeiro.com.br\/index.php\/lpg-dois\/historias-de-inclusao\/\",\"url\":\"https:\/\/culturacruzeiro.com.br\/index.php\/lpg-dois\/historias-de-inclusao\/\",\"name\":\"Historias de inclus\u00e3o - Secretaria de Cultura de Cruzeiro\",\"isPartOf\":{\"@id\":\"https:\/\/culturacruzeiro.com.br\/#website\"},\"datePublished\":\"2024-08-05T20:56:12+00:00\",\"dateModified\":\"2024-08-05T20:56:12+00:00\",\"breadcrumb\":{\"@id\":\"https:\/\/culturacruzeiro.com.br\/index.php\/lpg-dois\/historias-de-inclusao\/#breadcrumb\"},\"inLanguage\":\"pt-BR\",\"potentialAction\":[{\"@type\":\"ReadAction\",\"target\":[\"https:\/\/culturacruzeiro.com.br\/index.php\/lpg-dois\/historias-de-inclusao\/\"]}]},{\"@type\":\"BreadcrumbList\",\"@id\":\"https:\/\/culturacruzeiro.com.br\/index.php\/lpg-dois\/historias-de-inclusao\/#breadcrumb\",\"itemListElement\":[{\"@type\":\"ListItem\",\"position\":1,\"name\":\"In\u00edcio\",\"item\":\"https:\/\/culturacruzeiro.com.br\/\"},{\"@type\":\"ListItem\",\"position\":2,\"name\":\"LPG DOIS\",\"item\":\"https:\/\/culturacruzeiro.com.br\/index.php\/lpg-dois\/\"},{\"@type\":\"ListItem\",\"position\":3,\"name\":\"Historias de inclus\u00e3o\"}]},{\"@type\":\"WebSite\",\"@id\":\"https:\/\/culturacruzeiro.com.br\/#website\",\"url\":\"https:\/\/culturacruzeiro.com.br\/\",\"name\":\"Secretaria de Cultura de Cruzeiro\",\"description\":\"\",\"potentialAction\":[{\"@type\":\"SearchAction\",\"target\":{\"@type\":\"EntryPoint\",\"urlTemplate\":\"https:\/\/culturacruzeiro.com.br\/?s={search_term_string}\"},\"query-input\":\"required name=search_term_string\"}],\"inLanguage\":\"pt-BR\"}]}<\/script>\n<!-- \/ Yoast SEO plugin. -->","yoast_head_json":{"title":"Historias de inclus\u00e3o - Secretaria de Cultura de Cruzeiro","robots":{"index":"noindex","follow":"follow","max-snippet":"max-snippet:-1","max-image-preview":"max-image-preview:large","max-video-preview":"max-video-preview:-1"},"og_locale":"pt_BR","og_type":"article","og_title":"Historias de inclus\u00e3o - Secretaria de Cultura de Cruzeiro","og_description":"O projeto &#8220;Hist\u00f3rias de Inclus\u00e3o&#8221; visa contar a incr\u00edvel jornada de um grupo de mulheres que perceberam a necessidade de incluir pessoas neurodiverg\u00eantes no cotidiano delas e da sociedade ao seu redor. A partir do projeto &#8220;Caminhada Inclusiva&#8221;, que desde 2018 se tornou um movimento social significativo, estas mulheres criaram uma linha de frente para [&hellip;]","og_url":"https:\/\/culturacruzeiro.com.br\/index.php\/lpg-dois\/historias-de-inclusao\/","og_site_name":"Secretaria de Cultura de Cruzeiro","twitter_card":"summary_large_image","twitter_misc":{"Est. tempo de leitura":"1 minuto"},"schema":{"@context":"https:\/\/schema.org","@graph":[{"@type":"WebPage","@id":"https:\/\/culturacruzeiro.com.br\/index.php\/lpg-dois\/historias-de-inclusao\/","url":"https:\/\/culturacruzeiro.com.br\/index.php\/lpg-dois\/historias-de-inclusao\/","name":"Historias de inclus\u00e3o - Secretaria de Cultura de Cruzeiro","isPartOf":{"@id":"https:\/\/culturacruzeiro.com.br\/#website"},"datePublished":"2024-08-05T20:56:12+00:00","dateModified":"2024-08-05T20:56:12+00:00","breadcrumb":{"@id":"https:\/\/culturacruzeiro.com.br\/index.php\/lpg-dois\/historias-de-inclusao\/#breadcrumb"},"inLanguage":"pt-BR","potentialAction":[{"@type":"ReadAction","target":["https:\/\/culturacruzeiro.com.br\/index.php\/lpg-dois\/historias-de-inclusao\/"]}]},{"@type":"BreadcrumbList","@id":"https:\/\/culturacruzeiro.com.br\/index.php\/lpg-dois\/historias-de-inclusao\/#breadcrumb","itemListElement":[{"@type":"ListItem","position":1,"name":"In\u00edcio","item":"https:\/\/culturacruzeiro.com.br\/"},{"@type":"ListItem","position":2,"name":"LPG DOIS","item":"https:\/\/culturacruzeiro.com.br\/index.php\/lpg-dois\/"},{"@type":"ListItem","position":3,"name":"Historias de inclus\u00e3o"}]},{"@type":"WebSite","@id":"https:\/\/culturacruzeiro.com.br\/#website","url":"https:\/\/culturacruzeiro.com.br\/","name":"Secretaria de Cultura de Cruzeiro","description":"","potentialAction":[{"@type":"SearchAction","target":{"@type":"EntryPoint","urlTemplate":"https:\/\/culturacruzeiro.com.br\/?s={search_term_string}"},"query-input":"required name=search_term_string"}],"inLanguage":"pt-BR"}]}},"_links":{"self":[{"href":"https:\/\/culturacruzeiro.com.br\/index.php\/wp-json\/wp\/v2\/lpg-dois\/2742"}],"collection":[{"href":"https:\/\/culturacruzeiro.com.br\/index.php\/wp-json\/wp\/v2\/lpg-dois"}],"about":[{"href":"https:\/\/culturacruzeiro.com.br\/index.php\/wp-json\/wp\/v2\/types\/lpg-dois"}],"wp:attachment":[{"href":"https:\/\/culturacruzeiro.com.br\/index.php\/wp-json\/wp\/v2\/media?parent=2742"}],"wp:term":[{"taxonomy":"lpg-dois-de-dois-mil-e-vinte-e-q","embeddable":true,"href":"https:\/\/culturacruzeiro.com.br\/index.php\/wp-json\/wp\/v2\/lpg-dois-de-dois-mil-e-vinte-e-q?post=2742"}],"curies":[{"name":"wp","href":"https:\/\/api.w.org\/{rel}","templated":true}]}}