{"id":2811,"date":"2024-08-23T13:15:56","date_gmt":"2024-08-23T16:15:56","guid":{"rendered":"https:\/\/culturacruzeiro.com.br\/index.php\/lpg-dois\/producao-musical-ciclo-vicioso-2\/"},"modified":"2024-08-23T13:15:56","modified_gmt":"2024-08-23T16:15:56","slug":"producao-musical-ciclo-vicioso-2","status":"publish","type":"lpg-dois","link":"https:\/\/culturacruzeiro.com.br\/index.php\/lpg-dois\/producao-musical-ciclo-vicioso-2\/","title":{"rendered":"PRODU\u00c7\u00c3O MUSICAL: CICLO VICIOSO"},"content":{"rendered":"<p><span style=\"font-size:12.0pt;line-height:115%;,sans-serif\">O projeto \u201cProdu\u00e7\u00e3o<br \/>\nMusical: Ciclo Vicioso\u201d visa a produ\u00e7\u00e3o musical de uma obra que aborda de forma<br \/>\ncrua e direta o ciclo do crime na cidade de Cruzeiro. A m\u00fasica narra a<br \/>\ntrajet\u00f3ria de um jovem de 12 anos, pertencente a uma comunidade pobre, preta e<br \/>\nfavelada, que se envolve no mundo do crime na busca por dinheiro e respeito. A<br \/>\nnarrativa se desdobra com as consequ\u00eancias dessa escolha, mostrando como o<br \/>\nciclo de viol\u00eancia perpetua-se quando a vingan\u00e7a leva outro jovem a trilhar o<br \/>\nmesmo caminho, culminando em um desfecho inevit\u00e1vel. A produ\u00e7\u00e3o musical de \u201cCiclo<br \/>\nVicioso\u201d busca dar voz a essa realidade, sensibilizando a sociedade para as<br \/>\ncomplexidades e desafios enfrentados por jovens em situa\u00e7\u00e3o de vulnerabilidade.<\/span><\/p>\n","protected":false},"template":"","lpg-dois-de-dois-mil-e-vinte-e-q":[],"acf":[],"yoast_head":"<!-- This site is optimized with the Yoast SEO plugin v22.3 - https:\/\/yoast.com\/wordpress\/plugins\/seo\/ -->\n<title>PRODU\u00c7\u00c3O MUSICAL: CICLO VICIOSO - Secretaria de Cultura de Cruzeiro<\/title>\n<meta name=\"robots\" content=\"noindex, follow, max-snippet:-1, max-image-preview:large, max-video-preview:-1\" \/>\n<meta property=\"og:locale\" content=\"pt_BR\" \/>\n<meta property=\"og:type\" content=\"article\" \/>\n<meta property=\"og:title\" content=\"PRODU\u00c7\u00c3O MUSICAL: CICLO VICIOSO - Secretaria de Cultura de Cruzeiro\" \/>\n<meta property=\"og:description\" content=\"O projeto \u201cProdu\u00e7\u00e3o Musical: Ciclo Vicioso\u201d visa a produ\u00e7\u00e3o musical de uma obra que aborda de forma crua e direta o ciclo do crime na cidade de Cruzeiro. A m\u00fasica narra a trajet\u00f3ria de um jovem de 12 anos, pertencente a uma comunidade pobre, preta e favelada, que se envolve no mundo do crime na [&hellip;]\" \/>\n<meta property=\"og:url\" content=\"https:\/\/culturacruzeiro.com.br\/index.php\/lpg-dois\/producao-musical-ciclo-vicioso-2\/\" \/>\n<meta property=\"og:site_name\" content=\"Secretaria de Cultura de Cruzeiro\" \/>\n<meta name=\"twitter:card\" content=\"summary_large_image\" \/>\n<meta name=\"twitter:label1\" content=\"Est. tempo de leitura\" \/>\n\t<meta name=\"twitter:data1\" content=\"1 minuto\" \/>\n<script type=\"application\/ld+json\" class=\"yoast-schema-graph\">{\"@context\":\"https:\/\/schema.org\",\"@graph\":[{\"@type\":\"WebPage\",\"@id\":\"https:\/\/culturacruzeiro.com.br\/index.php\/lpg-dois\/producao-musical-ciclo-vicioso-2\/\",\"url\":\"https:\/\/culturacruzeiro.com.br\/index.php\/lpg-dois\/producao-musical-ciclo-vicioso-2\/\",\"name\":\"PRODU\u00c7\u00c3O MUSICAL: CICLO VICIOSO - Secretaria de Cultura de Cruzeiro\",\"isPartOf\":{\"@id\":\"https:\/\/culturacruzeiro.com.br\/#website\"},\"datePublished\":\"2024-08-23T16:15:56+00:00\",\"dateModified\":\"2024-08-23T16:15:56+00:00\",\"breadcrumb\":{\"@id\":\"https:\/\/culturacruzeiro.com.br\/index.php\/lpg-dois\/producao-musical-ciclo-vicioso-2\/#breadcrumb\"},\"inLanguage\":\"pt-BR\",\"potentialAction\":[{\"@type\":\"ReadAction\",\"target\":[\"https:\/\/culturacruzeiro.com.br\/index.php\/lpg-dois\/producao-musical-ciclo-vicioso-2\/\"]}]},{\"@type\":\"BreadcrumbList\",\"@id\":\"https:\/\/culturacruzeiro.com.br\/index.php\/lpg-dois\/producao-musical-ciclo-vicioso-2\/#breadcrumb\",\"itemListElement\":[{\"@type\":\"ListItem\",\"position\":1,\"name\":\"In\u00edcio\",\"item\":\"https:\/\/culturacruzeiro.com.br\/\"},{\"@type\":\"ListItem\",\"position\":2,\"name\":\"LPG DOIS\",\"item\":\"https:\/\/culturacruzeiro.com.br\/index.php\/lpg-dois\/\"},{\"@type\":\"ListItem\",\"position\":3,\"name\":\"PRODU\u00c7\u00c3O MUSICAL: CICLO VICIOSO\"}]},{\"@type\":\"WebSite\",\"@id\":\"https:\/\/culturacruzeiro.com.br\/#website\",\"url\":\"https:\/\/culturacruzeiro.com.br\/\",\"name\":\"Secretaria de Cultura de Cruzeiro\",\"description\":\"\",\"potentialAction\":[{\"@type\":\"SearchAction\",\"target\":{\"@type\":\"EntryPoint\",\"urlTemplate\":\"https:\/\/culturacruzeiro.com.br\/?s={search_term_string}\"},\"query-input\":\"required name=search_term_string\"}],\"inLanguage\":\"pt-BR\"}]}<\/script>\n<!-- \/ Yoast SEO plugin. -->","yoast_head_json":{"title":"PRODU\u00c7\u00c3O MUSICAL: CICLO VICIOSO - Secretaria de Cultura de Cruzeiro","robots":{"index":"noindex","follow":"follow","max-snippet":"max-snippet:-1","max-image-preview":"max-image-preview:large","max-video-preview":"max-video-preview:-1"},"og_locale":"pt_BR","og_type":"article","og_title":"PRODU\u00c7\u00c3O MUSICAL: CICLO VICIOSO - Secretaria de Cultura de Cruzeiro","og_description":"O projeto \u201cProdu\u00e7\u00e3o Musical: Ciclo Vicioso\u201d visa a produ\u00e7\u00e3o musical de uma obra que aborda de forma crua e direta o ciclo do crime na cidade de Cruzeiro. A m\u00fasica narra a trajet\u00f3ria de um jovem de 12 anos, pertencente a uma comunidade pobre, preta e favelada, que se envolve no mundo do crime na [&hellip;]","og_url":"https:\/\/culturacruzeiro.com.br\/index.php\/lpg-dois\/producao-musical-ciclo-vicioso-2\/","og_site_name":"Secretaria de Cultura de Cruzeiro","twitter_card":"summary_large_image","twitter_misc":{"Est. tempo de leitura":"1 minuto"},"schema":{"@context":"https:\/\/schema.org","@graph":[{"@type":"WebPage","@id":"https:\/\/culturacruzeiro.com.br\/index.php\/lpg-dois\/producao-musical-ciclo-vicioso-2\/","url":"https:\/\/culturacruzeiro.com.br\/index.php\/lpg-dois\/producao-musical-ciclo-vicioso-2\/","name":"PRODU\u00c7\u00c3O MUSICAL: CICLO VICIOSO - Secretaria de Cultura de Cruzeiro","isPartOf":{"@id":"https:\/\/culturacruzeiro.com.br\/#website"},"datePublished":"2024-08-23T16:15:56+00:00","dateModified":"2024-08-23T16:15:56+00:00","breadcrumb":{"@id":"https:\/\/culturacruzeiro.com.br\/index.php\/lpg-dois\/producao-musical-ciclo-vicioso-2\/#breadcrumb"},"inLanguage":"pt-BR","potentialAction":[{"@type":"ReadAction","target":["https:\/\/culturacruzeiro.com.br\/index.php\/lpg-dois\/producao-musical-ciclo-vicioso-2\/"]}]},{"@type":"BreadcrumbList","@id":"https:\/\/culturacruzeiro.com.br\/index.php\/lpg-dois\/producao-musical-ciclo-vicioso-2\/#breadcrumb","itemListElement":[{"@type":"ListItem","position":1,"name":"In\u00edcio","item":"https:\/\/culturacruzeiro.com.br\/"},{"@type":"ListItem","position":2,"name":"LPG DOIS","item":"https:\/\/culturacruzeiro.com.br\/index.php\/lpg-dois\/"},{"@type":"ListItem","position":3,"name":"PRODU\u00c7\u00c3O MUSICAL: CICLO VICIOSO"}]},{"@type":"WebSite","@id":"https:\/\/culturacruzeiro.com.br\/#website","url":"https:\/\/culturacruzeiro.com.br\/","name":"Secretaria de Cultura de Cruzeiro","description":"","potentialAction":[{"@type":"SearchAction","target":{"@type":"EntryPoint","urlTemplate":"https:\/\/culturacruzeiro.com.br\/?s={search_term_string}"},"query-input":"required name=search_term_string"}],"inLanguage":"pt-BR"}]}},"_links":{"self":[{"href":"https:\/\/culturacruzeiro.com.br\/index.php\/wp-json\/wp\/v2\/lpg-dois\/2811"}],"collection":[{"href":"https:\/\/culturacruzeiro.com.br\/index.php\/wp-json\/wp\/v2\/lpg-dois"}],"about":[{"href":"https:\/\/culturacruzeiro.com.br\/index.php\/wp-json\/wp\/v2\/types\/lpg-dois"}],"wp:attachment":[{"href":"https:\/\/culturacruzeiro.com.br\/index.php\/wp-json\/wp\/v2\/media?parent=2811"}],"wp:term":[{"taxonomy":"lpg-dois-de-dois-mil-e-vinte-e-q","embeddable":true,"href":"https:\/\/culturacruzeiro.com.br\/index.php\/wp-json\/wp\/v2\/lpg-dois-de-dois-mil-e-vinte-e-q?post=2811"}],"curies":[{"name":"wp","href":"https:\/\/api.w.org\/{rel}","templated":true}]}}