{"id":2831,"date":"2024-08-23T23:58:13","date_gmt":"2024-08-24T02:58:13","guid":{"rendered":"https:\/\/culturacruzeiro.com.br\/index.php\/lpg-dois\/tarde-de-journaling-memorias-e-colagens\/"},"modified":"2024-08-23T23:58:13","modified_gmt":"2024-08-24T02:58:13","slug":"tarde-de-journaling-memorias-e-colagens","status":"publish","type":"lpg-dois","link":"https:\/\/culturacruzeiro.com.br\/index.php\/lpg-dois\/tarde-de-journaling-memorias-e-colagens\/","title":{"rendered":"tarde de journaling &#8211; mem\u00f3rias e colagens"},"content":{"rendered":"<p>A ideia do projeto \u00e9 reunir em um espa\u00e7o p\u00fablico de prefer\u00eancia no <strong>museu<\/strong> ou na <strong>pra\u00e7a<\/strong>,&nbsp; pessoas com interesse em aprender mais sobre a <strong>arte do journaling<\/strong>. A ideia surgiu de um evento que participei quando tinha apenas 12 anos na pra\u00e7a, um evento do SESC, que tinha uma oficina de colagens e carimbos que n\u00e3o me recordo o nome agora. Assim como esse evento que tive oportunidade de participar como visitante, o evento seria aberto ao p\u00fablico e a minha ideia \u00e9 reunir n\u00e3o s\u00f3 a minha oficina mas tamb\u00e9m outros artistas que quisessem tamb\u00e9m participar,&nbsp; mostrando seus produtos e servi\u00e7os (livros, artesanato, gibis). O plano \u00e9 de fazer uma tarde agrad\u00e1vel onde cada pessoa vai criar seu pr\u00f3prio caderno ou Journal e tamb\u00e9m gozar do uso de colagens e escrita para criar assim uma viv\u00eancia art\u00edstica e relevante para sua vida, assim como essa oficina sobre carimbos teve influ\u00eancia no meu eu de 12 anos. Seria tamb\u00e9m uma expans\u00e3o mais abrangente do meu projeto pessoal que estou dando com apoio do FACUNP, &#8220;papelaria e escrita criativa&#8221; e que est\u00e1 alcan\u00e7ando \u00f3timos resultados!<\/p>\n<p>*no v\u00eddeo abaixo: <em><strong>uma pequena amostra de uma das li\u00e7\u00f5es do curso do FACUNP ! Os alunos criando seus pr\u00f3prios journals \ud83d\ude42<\/strong><\/em><\/p>\n","protected":false},"template":"","lpg-dois-de-dois-mil-e-vinte-e-q":[],"acf":[],"yoast_head":"<!-- This site is optimized with the Yoast SEO plugin v22.3 - https:\/\/yoast.com\/wordpress\/plugins\/seo\/ -->\n<title>tarde de journaling - mem\u00f3rias e colagens - Secretaria de Cultura de Cruzeiro<\/title>\n<meta name=\"robots\" content=\"noindex, follow, max-snippet:-1, max-image-preview:large, max-video-preview:-1\" \/>\n<meta property=\"og:locale\" content=\"pt_BR\" \/>\n<meta property=\"og:type\" content=\"article\" \/>\n<meta property=\"og:title\" content=\"tarde de journaling - mem\u00f3rias e colagens - Secretaria de Cultura de Cruzeiro\" \/>\n<meta property=\"og:description\" content=\"A ideia do projeto \u00e9 reunir em um espa\u00e7o p\u00fablico de prefer\u00eancia no museu ou na pra\u00e7a,&nbsp; pessoas com interesse em aprender mais sobre a arte do journaling. A ideia surgiu de um evento que participei quando tinha apenas 12 anos na pra\u00e7a, um evento do SESC, que tinha uma oficina de colagens e carimbos [&hellip;]\" \/>\n<meta property=\"og:url\" content=\"https:\/\/culturacruzeiro.com.br\/index.php\/lpg-dois\/tarde-de-journaling-memorias-e-colagens\/\" \/>\n<meta property=\"og:site_name\" content=\"Secretaria de Cultura de Cruzeiro\" \/>\n<meta name=\"twitter:card\" content=\"summary_large_image\" \/>\n<meta name=\"twitter:label1\" content=\"Est. tempo de leitura\" \/>\n\t<meta name=\"twitter:data1\" content=\"1 minuto\" \/>\n<script type=\"application\/ld+json\" class=\"yoast-schema-graph\">{\"@context\":\"https:\/\/schema.org\",\"@graph\":[{\"@type\":\"WebPage\",\"@id\":\"https:\/\/culturacruzeiro.com.br\/index.php\/lpg-dois\/tarde-de-journaling-memorias-e-colagens\/\",\"url\":\"https:\/\/culturacruzeiro.com.br\/index.php\/lpg-dois\/tarde-de-journaling-memorias-e-colagens\/\",\"name\":\"tarde de journaling - mem\u00f3rias e colagens - Secretaria de Cultura de Cruzeiro\",\"isPartOf\":{\"@id\":\"https:\/\/culturacruzeiro.com.br\/#website\"},\"datePublished\":\"2024-08-24T02:58:13+00:00\",\"dateModified\":\"2024-08-24T02:58:13+00:00\",\"breadcrumb\":{\"@id\":\"https:\/\/culturacruzeiro.com.br\/index.php\/lpg-dois\/tarde-de-journaling-memorias-e-colagens\/#breadcrumb\"},\"inLanguage\":\"pt-BR\",\"potentialAction\":[{\"@type\":\"ReadAction\",\"target\":[\"https:\/\/culturacruzeiro.com.br\/index.php\/lpg-dois\/tarde-de-journaling-memorias-e-colagens\/\"]}]},{\"@type\":\"BreadcrumbList\",\"@id\":\"https:\/\/culturacruzeiro.com.br\/index.php\/lpg-dois\/tarde-de-journaling-memorias-e-colagens\/#breadcrumb\",\"itemListElement\":[{\"@type\":\"ListItem\",\"position\":1,\"name\":\"In\u00edcio\",\"item\":\"https:\/\/culturacruzeiro.com.br\/\"},{\"@type\":\"ListItem\",\"position\":2,\"name\":\"LPG DOIS\",\"item\":\"https:\/\/culturacruzeiro.com.br\/index.php\/lpg-dois\/\"},{\"@type\":\"ListItem\",\"position\":3,\"name\":\"tarde de journaling &#8211; mem\u00f3rias e colagens\"}]},{\"@type\":\"WebSite\",\"@id\":\"https:\/\/culturacruzeiro.com.br\/#website\",\"url\":\"https:\/\/culturacruzeiro.com.br\/\",\"name\":\"Secretaria de Cultura de Cruzeiro\",\"description\":\"\",\"potentialAction\":[{\"@type\":\"SearchAction\",\"target\":{\"@type\":\"EntryPoint\",\"urlTemplate\":\"https:\/\/culturacruzeiro.com.br\/?s={search_term_string}\"},\"query-input\":\"required name=search_term_string\"}],\"inLanguage\":\"pt-BR\"}]}<\/script>\n<!-- \/ Yoast SEO plugin. -->","yoast_head_json":{"title":"tarde de journaling - mem\u00f3rias e colagens - Secretaria de Cultura de Cruzeiro","robots":{"index":"noindex","follow":"follow","max-snippet":"max-snippet:-1","max-image-preview":"max-image-preview:large","max-video-preview":"max-video-preview:-1"},"og_locale":"pt_BR","og_type":"article","og_title":"tarde de journaling - mem\u00f3rias e colagens - Secretaria de Cultura de Cruzeiro","og_description":"A ideia do projeto \u00e9 reunir em um espa\u00e7o p\u00fablico de prefer\u00eancia no museu ou na pra\u00e7a,&nbsp; pessoas com interesse em aprender mais sobre a arte do journaling. A ideia surgiu de um evento que participei quando tinha apenas 12 anos na pra\u00e7a, um evento do SESC, que tinha uma oficina de colagens e carimbos [&hellip;]","og_url":"https:\/\/culturacruzeiro.com.br\/index.php\/lpg-dois\/tarde-de-journaling-memorias-e-colagens\/","og_site_name":"Secretaria de Cultura de Cruzeiro","twitter_card":"summary_large_image","twitter_misc":{"Est. tempo de leitura":"1 minuto"},"schema":{"@context":"https:\/\/schema.org","@graph":[{"@type":"WebPage","@id":"https:\/\/culturacruzeiro.com.br\/index.php\/lpg-dois\/tarde-de-journaling-memorias-e-colagens\/","url":"https:\/\/culturacruzeiro.com.br\/index.php\/lpg-dois\/tarde-de-journaling-memorias-e-colagens\/","name":"tarde de journaling - mem\u00f3rias e colagens - Secretaria de Cultura de Cruzeiro","isPartOf":{"@id":"https:\/\/culturacruzeiro.com.br\/#website"},"datePublished":"2024-08-24T02:58:13+00:00","dateModified":"2024-08-24T02:58:13+00:00","breadcrumb":{"@id":"https:\/\/culturacruzeiro.com.br\/index.php\/lpg-dois\/tarde-de-journaling-memorias-e-colagens\/#breadcrumb"},"inLanguage":"pt-BR","potentialAction":[{"@type":"ReadAction","target":["https:\/\/culturacruzeiro.com.br\/index.php\/lpg-dois\/tarde-de-journaling-memorias-e-colagens\/"]}]},{"@type":"BreadcrumbList","@id":"https:\/\/culturacruzeiro.com.br\/index.php\/lpg-dois\/tarde-de-journaling-memorias-e-colagens\/#breadcrumb","itemListElement":[{"@type":"ListItem","position":1,"name":"In\u00edcio","item":"https:\/\/culturacruzeiro.com.br\/"},{"@type":"ListItem","position":2,"name":"LPG DOIS","item":"https:\/\/culturacruzeiro.com.br\/index.php\/lpg-dois\/"},{"@type":"ListItem","position":3,"name":"tarde de journaling &#8211; mem\u00f3rias e colagens"}]},{"@type":"WebSite","@id":"https:\/\/culturacruzeiro.com.br\/#website","url":"https:\/\/culturacruzeiro.com.br\/","name":"Secretaria de Cultura de Cruzeiro","description":"","potentialAction":[{"@type":"SearchAction","target":{"@type":"EntryPoint","urlTemplate":"https:\/\/culturacruzeiro.com.br\/?s={search_term_string}"},"query-input":"required name=search_term_string"}],"inLanguage":"pt-BR"}]}},"_links":{"self":[{"href":"https:\/\/culturacruzeiro.com.br\/index.php\/wp-json\/wp\/v2\/lpg-dois\/2831"}],"collection":[{"href":"https:\/\/culturacruzeiro.com.br\/index.php\/wp-json\/wp\/v2\/lpg-dois"}],"about":[{"href":"https:\/\/culturacruzeiro.com.br\/index.php\/wp-json\/wp\/v2\/types\/lpg-dois"}],"wp:attachment":[{"href":"https:\/\/culturacruzeiro.com.br\/index.php\/wp-json\/wp\/v2\/media?parent=2831"}],"wp:term":[{"taxonomy":"lpg-dois-de-dois-mil-e-vinte-e-q","embeddable":true,"href":"https:\/\/culturacruzeiro.com.br\/index.php\/wp-json\/wp\/v2\/lpg-dois-de-dois-mil-e-vinte-e-q?post=2831"}],"curies":[{"name":"wp","href":"https:\/\/api.w.org\/{rel}","templated":true}]}}