{"id":772,"date":"2023-10-17T22:56:44","date_gmt":"2023-10-18T01:56:44","guid":{"rendered":"https:\/\/culturacruzeiro.com.br\/?page_id=772"},"modified":"2025-05-03T13:10:27","modified_gmt":"2025-05-03T16:10:27","slug":"museu-major-novaes","status":"publish","type":"page","link":"https:\/\/culturacruzeiro.com.br\/index.php\/museu-major-novaes\/","title":{"rendered":"Museu Major Novaes"},"content":{"rendered":"\t\t<div data-elementor-type=\"wp-page\" data-elementor-id=\"772\" class=\"elementor elementor-772\" data-elementor-post-type=\"page\">\n\t\t\t\t<div class=\"elementor-element elementor-element-1b5e357 e-flex e-con-boxed e-con e-parent\" data-id=\"1b5e357\" data-element_type=\"container\" data-settings=\"{&quot;jet_parallax_layout_list&quot;:[],&quot;background_background&quot;:&quot;classic&quot;}\">\n\t\t\t\t\t<div class=\"e-con-inner\">\n\t\t\t\t<div class=\"elementor-element elementor-element-bf71376 elementor-widget elementor-widget-heading\" data-id=\"bf71376\" data-element_type=\"widget\" data-widget_type=\"heading.default\">\n\t\t\t\t<div class=\"elementor-widget-container\">\n\t\t\t<h2 class=\"elementor-heading-title elementor-size-default\">Museu Major Novaes<\/h2>\t\t<\/div>\n\t\t\t\t<\/div>\n\t\t\t\t\t<\/div>\n\t\t\t\t<\/div>\n\t\t<div class=\"elementor-element elementor-element-683d453 e-flex e-con-boxed e-con e-parent\" data-id=\"683d453\" data-element_type=\"container\" data-settings=\"{&quot;jet_parallax_layout_list&quot;:[]}\">\n\t\t\t\t\t<div class=\"e-con-inner\">\n\t\t<div class=\"elementor-element elementor-element-eacefcb e-con-full e-flex e-con e-child\" data-id=\"eacefcb\" data-element_type=\"container\" data-settings=\"{&quot;jet_parallax_layout_list&quot;:[]}\">\n\t\t\t\t<div class=\"elementor-element elementor-element-2d02e20 elementor-widget elementor-widget-text-editor\" data-id=\"2d02e20\" data-element_type=\"widget\" data-widget_type=\"text-editor.default\">\n\t\t\t\t<div class=\"elementor-widget-container\">\n\t\t\t\t\t\t\t<p>O\u00a0<b>Museu Major Novaes<\/b>\u00a0\u00e9 uma\u00a0institui\u00e7\u00e3o cultural\u00a0p\u00fablica, sediada em\u00a0Cruzeiro, no estado de\u00a0S\u00e3o Paulo. \u00c9 mantido pelo poder p\u00fablico estadual e municipal, tendo sido tombado como patrim\u00f4nio hist\u00f3rico pelo Governo Estadual, por meio do decreto n\u00ba 13.227 de 24 de setembro de 1969.<sup id=\"cite_ref-:0_1-0\" class=\"reference\"><\/sup><sup id=\"cite_ref-:1_2-0\" class=\"reference\"><\/sup><sup id=\"cite_ref-3\" class=\"reference\"><\/sup><\/p><p>O museu \u00e9 instalado em um casar\u00e3o colonial que abriga cerca de 900 pe\u00e7as, as quais incluem mob\u00edlias, imagens sacras, pratarias, livros, fotografias, pe\u00e7as em geral, bem como um amplo acervo de documentos p\u00fablicos hist\u00f3ricos referentes a diversas cidades do\u00a0Vale do Para\u00edba, a exemplo de documentos de cart\u00f3rios das cidades\u00a0Cruzeiro,\u00a0Cachoeira Paulista,\u00a0Silveiras,\u00a0S\u00e3o Jos\u00e9 do Barreiro,\u00a0Bananal, entre outras. No acervo, h\u00e1 tamb\u00e9m documentos e registros hist\u00f3ricos referentes ao per\u00edodo da escravatura brasileira naquela regi\u00e3o. Possui exposi\u00e7\u00e3o de longa dura\u00e7\u00e3o com diversas pe\u00e7as, fotos e informa\u00e7\u00f5es. A administra\u00e7\u00e3o realiza diversas atividades culturais abertas ao p\u00fablico.<\/p>\t\t\t\t\t\t<\/div>\n\t\t\t\t<\/div>\n\t\t\t\t<\/div>\n\t\t<div class=\"elementor-element elementor-element-eaf4a4f e-con-full e-flex e-con e-child\" data-id=\"eaf4a4f\" data-element_type=\"container\" data-settings=\"{&quot;jet_parallax_layout_list&quot;:[]}\">\n\t\t\t\t<div class=\"elementor-element elementor-element-ab00b34 elementor-widget elementor-widget-image\" data-id=\"ab00b34\" data-element_type=\"widget\" data-widget_type=\"image.default\">\n\t\t\t\t<div class=\"elementor-widget-container\">\n\t\t\t\t\t\t\t\t\t\t\t\t\t<img fetchpriority=\"high\" decoding=\"async\" width=\"1024\" height=\"768\" src=\"https:\/\/culturacruzeiro.com.br\/wp-content\/uploads\/2023\/10\/museu-major-novaes-cruzeiro-sp-3-1024x768.jpg\" class=\"attachment-large size-large wp-image-775\" alt=\"\" srcset=\"https:\/\/culturacruzeiro.com.br\/wp-content\/uploads\/2023\/10\/museu-major-novaes-cruzeiro-sp-3-1024x768.jpg 1024w, https:\/\/culturacruzeiro.com.br\/wp-content\/uploads\/2023\/10\/museu-major-novaes-cruzeiro-sp-3-300x225.jpg 300w, https:\/\/culturacruzeiro.com.br\/wp-content\/uploads\/2023\/10\/museu-major-novaes-cruzeiro-sp-3-768x576.jpg 768w, https:\/\/culturacruzeiro.com.br\/wp-content\/uploads\/2023\/10\/museu-major-novaes-cruzeiro-sp-3-1536x1152.jpg 1536w, https:\/\/culturacruzeiro.com.br\/wp-content\/uploads\/2023\/10\/museu-major-novaes-cruzeiro-sp-3.jpg 1920w\" sizes=\"(max-width: 1024px) 100vw, 1024px\" \/>\t\t\t\t\t\t\t\t\t\t\t\t\t<\/div>\n\t\t\t\t<\/div>\n\t\t\t\t<\/div>\n\t\t\t\t\t<\/div>\n\t\t\t\t<\/div>\n\t\t<div class=\"elementor-element elementor-element-88254f8 e-flex e-con-boxed e-con e-parent\" data-id=\"88254f8\" data-element_type=\"container\" data-settings=\"{&quot;jet_parallax_layout_list&quot;:[]}\">\n\t\t\t\t\t<div class=\"e-con-inner\">\n\t\t\t\t<div class=\"elementor-element elementor-element-887019e elementor-widget elementor-widget-text-editor\" data-id=\"887019e\" data-element_type=\"widget\" data-widget_type=\"text-editor.default\">\n\t\t\t\t<div class=\"elementor-widget-container\">\n\t\t\t\t\t\t\t<p>Com um p\u00fablico estimado em 50 a 60 mil pessoas para 2023, o Museu Major Novaes, se tornou palco de grandes eventos realizados pela Prefeitura de Cruzeiro e\/ou atrav\u00e9s de parceiros, como a tradicional \u201cFeira Liter\u00e1ria de Cruzeiro (FLIC)\u201d, \u201cArrai\u00e1 no Museu\u201d, \u201cSesc Circuito de Artes\u201d, \u201cFestival da Pa\u00e7oca\u201d, \u201cRevelando Culturas\u201d, \u201cCult Meeting\u201d, \u201cF\u00e9rias no Museu\u201d, \u201cSarau de Inverno\u201d, \u201cTorneio de Quebra-Cabe\u00e7as\u201d, entre outros.<\/p><p>Com a agenda disputada, a estimativa \u00e9 de 400 agendamentos por ano, para abrigar v\u00e1rios projetos, inclusive, os que comp\u00f5em as atividades do setorial \u201cMuseu de Todos, Museu para Todos\u201d, como \u201cVem Jogar no Museu\u201d, \u201cYoga no Museu\u201d, \u201cPregando Pe\u00e7as\u201d, \u201cClub do Livro\u201d, \u201cFilosofia no Museu\u201d, entre outros. Ainda integram as atividades do espa\u00e7o museol\u00f3gico, a visita guiada para escolas da rede p\u00fablica e privada, e cerca de 4 a 5 oficinas do FACUNP e parceiros na semana, totalizando 250 oficinais anuais.<\/p><p>O acervo do Museu conta com uma rica reserva t\u00e9cnica, entre mob\u00edlias, quadros e objetos, que documentam a hist\u00f3ria da cidade de Cruzeiro, bem como, guarda um grande banco de processos judiciais de 1820 a 1930 da regi\u00e3o do Vale Hist\u00f3rico.\u00a0 O Museu tamb\u00e9m \u00e9 palco de momentos familiares, piqueniques, ensaios fotogr\u00e1ficos, entre outros, com cerca de 500 avalia\u00e7\u00f5es na plataforma de avalia\u00e7\u00e3o do Google, e em torno de 6 a 10 mil de contas alcan\u00e7adas no Instagram.<\/p>\t\t\t\t\t\t<\/div>\n\t\t\t\t<\/div>\n\t\t\t\t\t<\/div>\n\t\t\t\t<\/div>\n\t\t<div class=\"elementor-element elementor-element-bf4a121 e-flex e-con-boxed e-con e-parent\" data-id=\"bf4a121\" data-element_type=\"container\" data-settings=\"{&quot;jet_parallax_layout_list&quot;:[]}\">\n\t\t\t\t\t<div class=\"e-con-inner\">\n\t\t<div class=\"elementor-element elementor-element-ce404bd e-con-full e-flex e-con e-child\" data-id=\"ce404bd\" data-element_type=\"container\" data-settings=\"{&quot;jet_parallax_layout_list&quot;:[]}\">\n\t\t\t\t<div class=\"elementor-element elementor-element-b33ead0 elementor-widget elementor-widget-image\" data-id=\"b33ead0\" data-element_type=\"widget\" data-widget_type=\"image.default\">\n\t\t\t\t<div class=\"elementor-widget-container\">\n\t\t\t\t\t\t\t\t\t\t\t\t\t<img decoding=\"async\" width=\"1024\" height=\"576\" src=\"https:\/\/culturacruzeiro.com.br\/wp-content\/uploads\/2023\/10\/museu-major-novaes-cruzeiro-sp-6-1024x576.jpg\" class=\"attachment-large size-large wp-image-780\" alt=\"\" srcset=\"https:\/\/culturacruzeiro.com.br\/wp-content\/uploads\/2023\/10\/museu-major-novaes-cruzeiro-sp-6-1024x576.jpg 1024w, https:\/\/culturacruzeiro.com.br\/wp-content\/uploads\/2023\/10\/museu-major-novaes-cruzeiro-sp-6-300x169.jpg 300w, https:\/\/culturacruzeiro.com.br\/wp-content\/uploads\/2023\/10\/museu-major-novaes-cruzeiro-sp-6-768x432.jpg 768w, https:\/\/culturacruzeiro.com.br\/wp-content\/uploads\/2023\/10\/museu-major-novaes-cruzeiro-sp-6-1536x864.jpg 1536w, https:\/\/culturacruzeiro.com.br\/wp-content\/uploads\/2023\/10\/museu-major-novaes-cruzeiro-sp-6.jpg 1920w\" sizes=\"(max-width: 1024px) 100vw, 1024px\" \/>\t\t\t\t\t\t\t\t\t\t\t\t\t<\/div>\n\t\t\t\t<\/div>\n\t\t\t\t<\/div>\n\t\t<div class=\"elementor-element elementor-element-f38e4ad e-con-full e-flex e-con e-child\" data-id=\"f38e4ad\" data-element_type=\"container\" data-settings=\"{&quot;jet_parallax_layout_list&quot;:[]}\">\n\t\t\t\t<div class=\"elementor-element elementor-element-d8f07e9 elementor-widget elementor-widget-image\" data-id=\"d8f07e9\" data-element_type=\"widget\" data-widget_type=\"image.default\">\n\t\t\t\t<div class=\"elementor-widget-container\">\n\t\t\t\t\t\t\t\t\t\t\t\t\t<img decoding=\"async\" width=\"1024\" height=\"768\" src=\"https:\/\/culturacruzeiro.com.br\/wp-content\/uploads\/2023\/10\/museu-major-novaes-cruzeiro-sp-1-1024x768.jpg\" class=\"attachment-large size-large wp-image-777\" alt=\"\" srcset=\"https:\/\/culturacruzeiro.com.br\/wp-content\/uploads\/2023\/10\/museu-major-novaes-cruzeiro-sp-1-1024x768.jpg 1024w, https:\/\/culturacruzeiro.com.br\/wp-content\/uploads\/2023\/10\/museu-major-novaes-cruzeiro-sp-1-300x225.jpg 300w, https:\/\/culturacruzeiro.com.br\/wp-content\/uploads\/2023\/10\/museu-major-novaes-cruzeiro-sp-1-768x576.jpg 768w, https:\/\/culturacruzeiro.com.br\/wp-content\/uploads\/2023\/10\/museu-major-novaes-cruzeiro-sp-1-1536x1152.jpg 1536w, https:\/\/culturacruzeiro.com.br\/wp-content\/uploads\/2023\/10\/museu-major-novaes-cruzeiro-sp-1.jpg 1920w\" sizes=\"(max-width: 1024px) 100vw, 1024px\" \/>\t\t\t\t\t\t\t\t\t\t\t\t\t<\/div>\n\t\t\t\t<\/div>\n\t\t\t\t<\/div>\n\t\t\t\t\t<\/div>\n\t\t\t\t<\/div>\n\t\t<div class=\"elementor-element elementor-element-37bc45c e-flex e-con-boxed e-con e-parent\" data-id=\"37bc45c\" data-element_type=\"container\" data-settings=\"{&quot;jet_parallax_layout_list&quot;:[]}\">\n\t\t\t\t\t<div class=\"e-con-inner\">\n\t\t\t\t<div class=\"elementor-element elementor-element-81a8219 elementor-widget-divider--view-line elementor-widget elementor-widget-divider\" data-id=\"81a8219\" data-element_type=\"widget\" data-widget_type=\"divider.default\">\n\t\t\t\t<div class=\"elementor-widget-container\">\n\t\t\t\t\t<div class=\"elementor-divider\">\n\t\t\t<span class=\"elementor-divider-separator\">\n\t\t\t\t\t\t<\/span>\n\t\t<\/div>\n\t\t\t\t<\/div>\n\t\t\t\t<\/div>\n\t\t\t\t<div class=\"elementor-element elementor-element-e642049 elementor-widget elementor-widget-heading\" data-id=\"e642049\" data-element_type=\"widget\" data-widget_type=\"heading.default\">\n\t\t\t\t<div class=\"elementor-widget-container\">\n\t\t\t<h2 class=\"elementor-heading-title elementor-size-default\">Hist\u00f3ria<\/h2>\t\t<\/div>\n\t\t\t\t<\/div>\n\t\t\t\t<div class=\"elementor-element elementor-element-fa7b31c elementor-widget elementor-widget-text-editor\" data-id=\"fa7b31c\" data-element_type=\"widget\" data-widget_type=\"text-editor.default\">\n\t\t\t\t<div class=\"elementor-widget-container\">\n\t\t\t\t\t\t\t<p>A arquitetura datada 1840, de acordo com os registros da documenta\u00e7\u00e3o hist\u00f3rica, quando aparece, pela primeira vez, \u00e0 alcunha de \u201cFazenda Boa Vista\u201d. Constru\u00edda no estilo neocl\u00e1ssico rural,pelo Capit\u00e3o Ant\u00f4nio Dias Telles de Castro \u00e9 conhecida pela hist\u00f3ria cruzeirense como Fazenda Boa Vista, pertencente ao fazendeiro Major Manoel de Freitas Novaes.<\/p><p>A mais ou menos, oito quil\u00f4metros do Emba\u00fa, situava-se a Fazenda Boa Vista que, segundo consta dos mais velhos documentos encontrados em seu arquivo, tem sua forma\u00e7\u00e3o localizada j\u00e1 em meados do s\u00e9culo XVIII. A princ\u00edpio as terras da Fazenda Boa Vista eram devolutas, sendo adquiridas em posse por Manuel de Moraes Pinto, que as vendeu aproximadamente em 1778, ao Tenente Cel. Henrique Dias Vasconcelos. A enteada do tenente Vasconcelos Maria Antonia da Silva, duvidosamente herdeira de seu esp\u00f3lio, deixa por heran\u00e7a estas terras para seu filho Joaquim Ferreira da Silva. Assassinado em 14 de Novembro de 1835 Joaquim Ferreira, j\u00e1 havia aumentado seu patrim\u00f4nio comprando terras cont\u00edguas at\u00e9 as proximidades de Lavrinhas, sua esposa e herdeira, Dona Fortunata Joaquina do Nascimento casa-se, em 1836, em segundas n\u00fapcias com o Capit\u00e3o Ant\u00f4nio Dias Telles de Castro, que patrocina a constru\u00e7\u00e3o da casa sede da Fazenda Boa Vista, \u00e0 margem esquerda do Rio Para\u00edba.<\/p><p>Entretanto, no ano de 1865, Dona Fortunata, novamente vi\u00fava, contrai terceiras n\u00fapcias, com o Alferes Manoel de Freitas Novaes, que logo viria a se tornar major.Logo que o Major Novaes assume os neg\u00f3cios da fazenda, faz uma consider\u00e1vel reforma e amplia\u00e7\u00e3o, constroi um anexo com tr\u00eas quartos. Tinha muitas ideias novas e logo as colocou em pr\u00e1tica como a funda\u00e7\u00e3o de uma col\u00f4nia de trabalhadores livres, organizada experimentalmente em tr\u00eas grupos distintos pela origem dos colonos, formados pelos caboclos e cearenses.<\/p><p>O Major Novaes \u00e9 uma personalidade \u00edmpar na hist\u00f3ria cruzeirense, dono de uma personalidade peculiar, era ao mesmo tempo ambicioso e sincero, inteligente e teimoso, bondoso e turbulento, temido e respeitado. Com sua din\u00e2mica de administrador e pol\u00edtico, segundo o pesquisador e historiador Jo\u00e3o Motta, o Major Novaes tornou-se empreiteiro da Estrada de Ferro D. Pedro II, respons\u00e1vel pela constru\u00e7\u00e3o do trecho Queluz ao Porto da Cachoeira (atual CachoeiraPaulista). Com a passagem desta importante ferrovia em suas terras consegue autoriza\u00e7\u00e3o para construir uma esta\u00e7\u00e3o que \u00e9 aberta ao tr\u00e1fego em 1878 trazendo grande desenvolvimento para sua fazenda, localizada \u00e0 beira do caminho do ferro.<\/p><p>O processo de Tombamento do pr\u00e9dio foi solicitado pela \u00faltima descendente do Major Novaes que residiu no casar\u00e3o, a Sra. Celestina Novaes, conhecida localmente por Dona Tita, em 1969, sendo conclu\u00eddo em 1971. H\u00e1 na cidade uma vers\u00e3o oficiosa sobre tal situa\u00e7\u00e3o, que aponta como sendo uma medida de protesto diante do abandono dos parentes ao qual sofria, conforme publicado na imprensa local nos anos seguintes. De acordo com os recortes encontrados no acervo documental de Cruzeiro, sobre o Museu Major Novaes \u00e9 poss\u00edvel apontar que, desde 1978, h\u00e1 uma mobiliza\u00e7\u00e3o da imprensa, cruzeirense e valeparaibana, pelo restauro do pr\u00e9dio.<\/p><p>Coube ao Estado restaurar o pr\u00e9dio e a Prefeitura Municipal de Cruzeiro restaurar o acervo mobili\u00e1rio. O restauro foi realizado ao longo de quase dois anos, iniciado em 2012 com t\u00e9rmino em julho de 2014. O pr\u00e9dio foi restaurado e possui uma estrutura extremamente moderna com sistema de inc\u00eandio, monitoramento por c\u00e2meras, acessibilidade e um sistema de ilumina\u00e7\u00e3o pr\u00f3prio para patrim\u00f4nios hist\u00f3ricos.<\/p>\t\t\t\t\t\t<\/div>\n\t\t\t\t<\/div>\n\t\t\t\t<div class=\"elementor-element elementor-element-520ddf9 elementor-widget elementor-widget-gallery\" data-id=\"520ddf9\" data-element_type=\"widget\" data-settings=\"{&quot;gap&quot;:{&quot;unit&quot;:&quot;px&quot;,&quot;size&quot;:6,&quot;sizes&quot;:[]},&quot;lazyload&quot;:&quot;yes&quot;,&quot;gallery_layout&quot;:&quot;grid&quot;,&quot;columns&quot;:4,&quot;columns_tablet&quot;:2,&quot;columns_mobile&quot;:1,&quot;gap_tablet&quot;:{&quot;unit&quot;:&quot;px&quot;,&quot;size&quot;:10,&quot;sizes&quot;:[]},&quot;gap_mobile&quot;:{&quot;unit&quot;:&quot;px&quot;,&quot;size&quot;:10,&quot;sizes&quot;:[]},&quot;link_to&quot;:&quot;file&quot;,&quot;aspect_ratio&quot;:&quot;3:2&quot;,&quot;overlay_background&quot;:&quot;yes&quot;,&quot;content_hover_animation&quot;:&quot;fade-in&quot;}\" data-widget_type=\"gallery.default\">\n\t\t\t\t<div class=\"elementor-widget-container\">\n\t\t\t\t\t<div class=\"elementor-gallery__container\">\n\t\t\t\t\t\t\t<a class=\"e-gallery-item elementor-gallery-item elementor-animated-content\" href=\"https:\/\/culturacruzeiro.com.br\/wp-content\/uploads\/2023\/10\/museu-major-novaes-cruzeiro-sp-2.jpg\" data-elementor-open-lightbox=\"yes\" data-elementor-lightbox-slideshow=\"520ddf9\" data-elementor-lightbox-title=\"Museu Major Novaes em Cruzeiro\" data-e-action-hash=\"#elementor-action%3Aaction%3Dlightbox%26settings%3DeyJpZCI6Nzc2LCJ1cmwiOiJodHRwczpcL1wvY3VsdHVyYWNydXplaXJvLmNvbS5iclwvd3AtY29udGVudFwvdXBsb2Fkc1wvMjAyM1wvMTBcL211c2V1LW1ham9yLW5vdmFlcy1jcnV6ZWlyby1zcC0yLmpwZyIsInNsaWRlc2hvdyI6IjUyMGRkZjkifQ%3D%3D\">\n\t\t\t\t\t<div class=\"e-gallery-image elementor-gallery-item__image\" data-thumbnail=\"https:\/\/culturacruzeiro.com.br\/wp-content\/uploads\/2023\/10\/museu-major-novaes-cruzeiro-sp-2-300x225.jpg\" data-width=\"300\" data-height=\"225\" aria-label=\"\" role=\"img\" ><\/div>\n\t\t\t\t\t\t\t\t\t\t\t<div class=\"elementor-gallery-item__overlay\"><\/div>\n\t\t\t\t\t\t\t\t\t\t\t\t\t\t<\/a>\n\t\t\t\t\t\t\t<a class=\"e-gallery-item elementor-gallery-item elementor-animated-content\" href=\"https:\/\/culturacruzeiro.com.br\/wp-content\/uploads\/2023\/10\/museu-major-novaes-cruzeiro-sp-6.jpg\" data-elementor-open-lightbox=\"yes\" data-elementor-lightbox-slideshow=\"520ddf9\" data-elementor-lightbox-title=\"Museu Major Novaes em Cruzeiro\" data-e-action-hash=\"#elementor-action%3Aaction%3Dlightbox%26settings%3DeyJpZCI6NzgwLCJ1cmwiOiJodHRwczpcL1wvY3VsdHVyYWNydXplaXJvLmNvbS5iclwvd3AtY29udGVudFwvdXBsb2Fkc1wvMjAyM1wvMTBcL211c2V1LW1ham9yLW5vdmFlcy1jcnV6ZWlyby1zcC02LmpwZyIsInNsaWRlc2hvdyI6IjUyMGRkZjkifQ%3D%3D\">\n\t\t\t\t\t<div class=\"e-gallery-image elementor-gallery-item__image\" data-thumbnail=\"https:\/\/culturacruzeiro.com.br\/wp-content\/uploads\/2023\/10\/museu-major-novaes-cruzeiro-sp-6-300x169.jpg\" data-width=\"300\" data-height=\"169\" aria-label=\"\" role=\"img\" ><\/div>\n\t\t\t\t\t\t\t\t\t\t\t<div class=\"elementor-gallery-item__overlay\"><\/div>\n\t\t\t\t\t\t\t\t\t\t\t\t\t\t<\/a>\n\t\t\t\t\t\t\t<a class=\"e-gallery-item elementor-gallery-item elementor-animated-content\" href=\"https:\/\/culturacruzeiro.com.br\/wp-content\/uploads\/2023\/10\/museu-major-novaes-cruzeiro-sp-3.jpg\" data-elementor-open-lightbox=\"yes\" data-elementor-lightbox-slideshow=\"520ddf9\" data-elementor-lightbox-title=\"Museu Major Novaes em Cruzeiro\" data-e-action-hash=\"#elementor-action%3Aaction%3Dlightbox%26settings%3DeyJpZCI6Nzc1LCJ1cmwiOiJodHRwczpcL1wvY3VsdHVyYWNydXplaXJvLmNvbS5iclwvd3AtY29udGVudFwvdXBsb2Fkc1wvMjAyM1wvMTBcL211c2V1LW1ham9yLW5vdmFlcy1jcnV6ZWlyby1zcC0zLmpwZyIsInNsaWRlc2hvdyI6IjUyMGRkZjkifQ%3D%3D\">\n\t\t\t\t\t<div class=\"e-gallery-image elementor-gallery-item__image\" data-thumbnail=\"https:\/\/culturacruzeiro.com.br\/wp-content\/uploads\/2023\/10\/museu-major-novaes-cruzeiro-sp-3-300x225.jpg\" data-width=\"300\" data-height=\"225\" aria-label=\"\" role=\"img\" ><\/div>\n\t\t\t\t\t\t\t\t\t\t\t<div class=\"elementor-gallery-item__overlay\"><\/div>\n\t\t\t\t\t\t\t\t\t\t\t\t\t\t<\/a>\n\t\t\t\t\t\t\t<a class=\"e-gallery-item elementor-gallery-item elementor-animated-content\" href=\"https:\/\/culturacruzeiro.com.br\/wp-content\/uploads\/2023\/10\/museu-major-novaes-cruzeiro-sp-1.jpg\" data-elementor-open-lightbox=\"yes\" data-elementor-lightbox-slideshow=\"520ddf9\" data-elementor-lightbox-title=\"Museu Major Novaes em Cruzeiro\" data-e-action-hash=\"#elementor-action%3Aaction%3Dlightbox%26settings%3DeyJpZCI6Nzc3LCJ1cmwiOiJodHRwczpcL1wvY3VsdHVyYWNydXplaXJvLmNvbS5iclwvd3AtY29udGVudFwvdXBsb2Fkc1wvMjAyM1wvMTBcL211c2V1LW1ham9yLW5vdmFlcy1jcnV6ZWlyby1zcC0xLmpwZyIsInNsaWRlc2hvdyI6IjUyMGRkZjkifQ%3D%3D\">\n\t\t\t\t\t<div class=\"e-gallery-image elementor-gallery-item__image\" data-thumbnail=\"https:\/\/culturacruzeiro.com.br\/wp-content\/uploads\/2023\/10\/museu-major-novaes-cruzeiro-sp-1-300x225.jpg\" data-width=\"300\" data-height=\"225\" aria-label=\"\" role=\"img\" ><\/div>\n\t\t\t\t\t\t\t\t\t\t\t<div class=\"elementor-gallery-item__overlay\"><\/div>\n\t\t\t\t\t\t\t\t\t\t\t\t\t\t<\/a>\n\t\t\t\t\t\t\t<a class=\"e-gallery-item elementor-gallery-item elementor-animated-content\" href=\"https:\/\/culturacruzeiro.com.br\/wp-content\/uploads\/2023\/10\/museu-major-novaes-cruzeiro-sp-5.jpg\" data-elementor-open-lightbox=\"yes\" data-elementor-lightbox-slideshow=\"520ddf9\" data-elementor-lightbox-title=\"Museu Major Novaes em Cruzeiro\" data-e-action-hash=\"#elementor-action%3Aaction%3Dlightbox%26settings%3DeyJpZCI6Nzc5LCJ1cmwiOiJodHRwczpcL1wvY3VsdHVyYWNydXplaXJvLmNvbS5iclwvd3AtY29udGVudFwvdXBsb2Fkc1wvMjAyM1wvMTBcL211c2V1LW1ham9yLW5vdmFlcy1jcnV6ZWlyby1zcC01LmpwZyIsInNsaWRlc2hvdyI6IjUyMGRkZjkifQ%3D%3D\">\n\t\t\t\t\t<div class=\"e-gallery-image elementor-gallery-item__image\" data-thumbnail=\"https:\/\/culturacruzeiro.com.br\/wp-content\/uploads\/2023\/10\/museu-major-novaes-cruzeiro-sp-5-300x169.jpg\" data-width=\"300\" data-height=\"169\" aria-label=\"\" role=\"img\" ><\/div>\n\t\t\t\t\t\t\t\t\t\t\t<div class=\"elementor-gallery-item__overlay\"><\/div>\n\t\t\t\t\t\t\t\t\t\t\t\t\t\t<\/a>\n\t\t\t\t\t\t\t<a class=\"e-gallery-item elementor-gallery-item elementor-animated-content\" href=\"https:\/\/culturacruzeiro.com.br\/wp-content\/uploads\/2023\/10\/museu-major-novaes-cruzeiro-sp-4.jpg\" data-elementor-open-lightbox=\"yes\" data-elementor-lightbox-slideshow=\"520ddf9\" data-elementor-lightbox-title=\"Museu Major Novaes em Cruzeiro\" data-e-action-hash=\"#elementor-action%3Aaction%3Dlightbox%26settings%3DeyJpZCI6Nzc4LCJ1cmwiOiJodHRwczpcL1wvY3VsdHVyYWNydXplaXJvLmNvbS5iclwvd3AtY29udGVudFwvdXBsb2Fkc1wvMjAyM1wvMTBcL211c2V1LW1ham9yLW5vdmFlcy1jcnV6ZWlyby1zcC00LmpwZyIsInNsaWRlc2hvdyI6IjUyMGRkZjkifQ%3D%3D\">\n\t\t\t\t\t<div class=\"e-gallery-image elementor-gallery-item__image\" data-thumbnail=\"https:\/\/culturacruzeiro.com.br\/wp-content\/uploads\/2023\/10\/museu-major-novaes-cruzeiro-sp-4-300x169.jpg\" data-width=\"300\" data-height=\"169\" aria-label=\"\" role=\"img\" ><\/div>\n\t\t\t\t\t\t\t\t\t\t\t<div class=\"elementor-gallery-item__overlay\"><\/div>\n\t\t\t\t\t\t\t\t\t\t\t\t\t\t<\/a>\n\t\t\t\t\t\t\t<a class=\"e-gallery-item elementor-gallery-item elementor-animated-content\" href=\"https:\/\/culturacruzeiro.com.br\/wp-content\/uploads\/2023\/10\/museu-major-novaes-cruzeiro-sp-7.jpg\" data-elementor-open-lightbox=\"yes\" data-elementor-lightbox-slideshow=\"520ddf9\" data-elementor-lightbox-title=\"Museu Major Novaes em Cruzeiro\" data-e-action-hash=\"#elementor-action%3Aaction%3Dlightbox%26settings%3DeyJpZCI6NzgxLCJ1cmwiOiJodHRwczpcL1wvY3VsdHVyYWNydXplaXJvLmNvbS5iclwvd3AtY29udGVudFwvdXBsb2Fkc1wvMjAyM1wvMTBcL211c2V1LW1ham9yLW5vdmFlcy1jcnV6ZWlyby1zcC03LmpwZyIsInNsaWRlc2hvdyI6IjUyMGRkZjkifQ%3D%3D\">\n\t\t\t\t\t<div class=\"e-gallery-image elementor-gallery-item__image\" data-thumbnail=\"https:\/\/culturacruzeiro.com.br\/wp-content\/uploads\/2023\/10\/museu-major-novaes-cruzeiro-sp-7-300x169.jpg\" data-width=\"300\" data-height=\"169\" aria-label=\"\" role=\"img\" ><\/div>\n\t\t\t\t\t\t\t\t\t\t\t<div class=\"elementor-gallery-item__overlay\"><\/div>\n\t\t\t\t\t\t\t\t\t\t\t\t\t\t<\/a>\n\t\t\t\t\t<\/div>\n\t\t\t<\/div>\n\t\t\t\t<\/div>\n\t\t\t\t<div class=\"elementor-element elementor-element-41d4242 elementor-widget-divider--view-line elementor-widget elementor-widget-divider\" data-id=\"41d4242\" data-element_type=\"widget\" data-widget_type=\"divider.default\">\n\t\t\t\t<div class=\"elementor-widget-container\">\n\t\t\t\t\t<div class=\"elementor-divider\">\n\t\t\t<span class=\"elementor-divider-separator\">\n\t\t\t\t\t\t<\/span>\n\t\t<\/div>\n\t\t\t\t<\/div>\n\t\t\t\t<\/div>\n\t\t\t\t<div class=\"elementor-element elementor-element-22b0636 elementor-widget elementor-widget-heading\" data-id=\"22b0636\" data-element_type=\"widget\" data-widget_type=\"heading.default\">\n\t\t\t\t<div class=\"elementor-widget-container\">\n\t\t\t<h2 class=\"elementor-heading-title elementor-size-default\">Informa\u00e7\u00f5es<\/h2>\t\t<\/div>\n\t\t\t\t<\/div>\n\t\t\t\t<div class=\"elementor-element elementor-element-71de78b elementor-widget elementor-widget-text-editor\" data-id=\"71de78b\" data-element_type=\"widget\" data-widget_type=\"text-editor.default\">\n\t\t\t\t<div class=\"elementor-widget-container\">\n\t\t\t\t\t\t\t<p><strong>Hor\u00e1rio de Funcionamento:<\/strong><br \/>De segunda a domingo das 8h30 \u00e0s 18h<\/p>\t\t\t\t\t\t<\/div>\n\t\t\t\t<\/div>\n\t\t\t\t<div class=\"elementor-element elementor-element-86b9f15 elementor-widget elementor-widget-google_maps\" data-id=\"86b9f15\" data-element_type=\"widget\" data-widget_type=\"google_maps.default\">\n\t\t\t\t<div class=\"elementor-widget-container\">\n\t\t\t\t\t<div class=\"elementor-custom-embed\">\n\t\t\t<iframe loading=\"lazy\"\n\t\t\t\t\tsrc=\"https:\/\/maps.google.com\/maps?q=Av.%20Jorge%20Tibiri%C3%A7%C3%A1%2C%201420%20%E2%80%93%20Centro%2C%20Cruzeiro%20&#038;t=m&#038;z=15&#038;output=embed&#038;iwloc=near\"\n\t\t\t\t\ttitle=\"Av. Jorge Tibiri\u00e7\u00e1, 1420 \u2013 Centro, Cruzeiro \"\n\t\t\t\t\taria-label=\"Av. Jorge Tibiri\u00e7\u00e1, 1420 \u2013 Centro, Cruzeiro \"\n\t\t\t><\/iframe>\n\t\t<\/div>\n\t\t\t\t<\/div>\n\t\t\t\t<\/div>\n\t\t\t\t\t<\/div>\n\t\t\t\t<\/div>\n\t\t\t\t<\/div>\n\t\t","protected":false},"excerpt":{"rendered":"<p>Museu Major Novaes O\u00a0Museu Major Novaes\u00a0\u00e9 uma\u00a0institui\u00e7\u00e3o cultural\u00a0p\u00fablica, sediada em\u00a0Cruzeiro, no estado de\u00a0S\u00e3o Paulo. \u00c9 mantido pelo poder p\u00fablico estadual e municipal, tendo sido tombado como patrim\u00f4nio hist\u00f3rico pelo Governo Estadual, por meio do decreto n\u00ba 13.227 de 24 de setembro de 1969. O museu \u00e9 instalado em um casar\u00e3o colonial que abriga cerca de [&hellip;]<\/p>\n","protected":false},"author":9,"featured_media":0,"parent":0,"menu_order":0,"comment_status":"closed","ping_status":"closed","template":"elementor_header_footer","meta":{"footnotes":""},"acf":[],"yoast_head":"<!-- This site is optimized with the Yoast SEO plugin v22.3 - https:\/\/yoast.com\/wordpress\/plugins\/seo\/ -->\n<title>Museu Major Novaes - Secretaria de Cultura de Cruzeiro<\/title>\n<meta name=\"robots\" content=\"noindex, follow, max-snippet:-1, max-image-preview:large, max-video-preview:-1\" \/>\n<meta property=\"og:locale\" content=\"pt_BR\" \/>\n<meta property=\"og:type\" content=\"article\" \/>\n<meta property=\"og:title\" content=\"Museu Major Novaes - Secretaria de Cultura de Cruzeiro\" \/>\n<meta property=\"og:description\" content=\"Museu Major Novaes O\u00a0Museu Major Novaes\u00a0\u00e9 uma\u00a0institui\u00e7\u00e3o cultural\u00a0p\u00fablica, sediada em\u00a0Cruzeiro, no estado de\u00a0S\u00e3o Paulo. \u00c9 mantido pelo poder p\u00fablico estadual e municipal, tendo sido tombado como patrim\u00f4nio hist\u00f3rico pelo Governo Estadual, por meio do decreto n\u00ba 13.227 de 24 de setembro de 1969. O museu \u00e9 instalado em um casar\u00e3o colonial que abriga cerca de [&hellip;]\" \/>\n<meta property=\"og:url\" content=\"https:\/\/culturacruzeiro.com.br\/index.php\/museu-major-novaes\/\" \/>\n<meta property=\"og:site_name\" content=\"Secretaria de Cultura de Cruzeiro\" \/>\n<meta property=\"article:modified_time\" content=\"2025-05-03T16:10:27+00:00\" \/>\n<meta property=\"og:image\" content=\"https:\/\/culturacruzeiro.com.br\/wp-content\/uploads\/2023\/10\/museu-major-novaes-cruzeiro-sp-3-1024x768.jpg\" \/>\n<meta name=\"twitter:card\" content=\"summary_large_image\" \/>\n<script type=\"application\/ld+json\" class=\"yoast-schema-graph\">{\"@context\":\"https:\/\/schema.org\",\"@graph\":[{\"@type\":\"WebPage\",\"@id\":\"https:\/\/culturacruzeiro.com.br\/index.php\/museu-major-novaes\/\",\"url\":\"https:\/\/culturacruzeiro.com.br\/index.php\/museu-major-novaes\/\",\"name\":\"Museu Major Novaes - Secretaria de Cultura de Cruzeiro\",\"isPartOf\":{\"@id\":\"https:\/\/culturacruzeiro.com.br\/#website\"},\"primaryImageOfPage\":{\"@id\":\"https:\/\/culturacruzeiro.com.br\/index.php\/museu-major-novaes\/#primaryimage\"},\"image\":{\"@id\":\"https:\/\/culturacruzeiro.com.br\/index.php\/museu-major-novaes\/#primaryimage\"},\"thumbnailUrl\":\"https:\/\/culturacruzeiro.com.br\/wp-content\/uploads\/2023\/10\/museu-major-novaes-cruzeiro-sp-3-1024x768.jpg\",\"datePublished\":\"2023-10-18T01:56:44+00:00\",\"dateModified\":\"2025-05-03T16:10:27+00:00\",\"breadcrumb\":{\"@id\":\"https:\/\/culturacruzeiro.com.br\/index.php\/museu-major-novaes\/#breadcrumb\"},\"inLanguage\":\"pt-BR\",\"potentialAction\":[{\"@type\":\"ReadAction\",\"target\":[\"https:\/\/culturacruzeiro.com.br\/index.php\/museu-major-novaes\/\"]}]},{\"@type\":\"ImageObject\",\"inLanguage\":\"pt-BR\",\"@id\":\"https:\/\/culturacruzeiro.com.br\/index.php\/museu-major-novaes\/#primaryimage\",\"url\":\"https:\/\/culturacruzeiro.com.br\/wp-content\/uploads\/2023\/10\/museu-major-novaes-cruzeiro-sp-3.jpg\",\"contentUrl\":\"https:\/\/culturacruzeiro.com.br\/wp-content\/uploads\/2023\/10\/museu-major-novaes-cruzeiro-sp-3.jpg\",\"width\":1920,\"height\":1440},{\"@type\":\"BreadcrumbList\",\"@id\":\"https:\/\/culturacruzeiro.com.br\/index.php\/museu-major-novaes\/#breadcrumb\",\"itemListElement\":[{\"@type\":\"ListItem\",\"position\":1,\"name\":\"In\u00edcio\",\"item\":\"https:\/\/culturacruzeiro.com.br\/\"},{\"@type\":\"ListItem\",\"position\":2,\"name\":\"Museu Major Novaes\"}]},{\"@type\":\"WebSite\",\"@id\":\"https:\/\/culturacruzeiro.com.br\/#website\",\"url\":\"https:\/\/culturacruzeiro.com.br\/\",\"name\":\"Secretaria de Cultura de Cruzeiro\",\"description\":\"\",\"potentialAction\":[{\"@type\":\"SearchAction\",\"target\":{\"@type\":\"EntryPoint\",\"urlTemplate\":\"https:\/\/culturacruzeiro.com.br\/?s={search_term_string}\"},\"query-input\":\"required name=search_term_string\"}],\"inLanguage\":\"pt-BR\"}]}<\/script>\n<!-- \/ Yoast SEO plugin. -->","yoast_head_json":{"title":"Museu Major Novaes - Secretaria de Cultura de Cruzeiro","robots":{"index":"noindex","follow":"follow","max-snippet":"max-snippet:-1","max-image-preview":"max-image-preview:large","max-video-preview":"max-video-preview:-1"},"og_locale":"pt_BR","og_type":"article","og_title":"Museu Major Novaes - Secretaria de Cultura de Cruzeiro","og_description":"Museu Major Novaes O\u00a0Museu Major Novaes\u00a0\u00e9 uma\u00a0institui\u00e7\u00e3o cultural\u00a0p\u00fablica, sediada em\u00a0Cruzeiro, no estado de\u00a0S\u00e3o Paulo. \u00c9 mantido pelo poder p\u00fablico estadual e municipal, tendo sido tombado como patrim\u00f4nio hist\u00f3rico pelo Governo Estadual, por meio do decreto n\u00ba 13.227 de 24 de setembro de 1969. O museu \u00e9 instalado em um casar\u00e3o colonial que abriga cerca de [&hellip;]","og_url":"https:\/\/culturacruzeiro.com.br\/index.php\/museu-major-novaes\/","og_site_name":"Secretaria de Cultura de Cruzeiro","article_modified_time":"2025-05-03T16:10:27+00:00","og_image":[{"url":"https:\/\/culturacruzeiro.com.br\/wp-content\/uploads\/2023\/10\/museu-major-novaes-cruzeiro-sp-3-1024x768.jpg"}],"twitter_card":"summary_large_image","schema":{"@context":"https:\/\/schema.org","@graph":[{"@type":"WebPage","@id":"https:\/\/culturacruzeiro.com.br\/index.php\/museu-major-novaes\/","url":"https:\/\/culturacruzeiro.com.br\/index.php\/museu-major-novaes\/","name":"Museu Major Novaes - Secretaria de Cultura de Cruzeiro","isPartOf":{"@id":"https:\/\/culturacruzeiro.com.br\/#website"},"primaryImageOfPage":{"@id":"https:\/\/culturacruzeiro.com.br\/index.php\/museu-major-novaes\/#primaryimage"},"image":{"@id":"https:\/\/culturacruzeiro.com.br\/index.php\/museu-major-novaes\/#primaryimage"},"thumbnailUrl":"https:\/\/culturacruzeiro.com.br\/wp-content\/uploads\/2023\/10\/museu-major-novaes-cruzeiro-sp-3-1024x768.jpg","datePublished":"2023-10-18T01:56:44+00:00","dateModified":"2025-05-03T16:10:27+00:00","breadcrumb":{"@id":"https:\/\/culturacruzeiro.com.br\/index.php\/museu-major-novaes\/#breadcrumb"},"inLanguage":"pt-BR","potentialAction":[{"@type":"ReadAction","target":["https:\/\/culturacruzeiro.com.br\/index.php\/museu-major-novaes\/"]}]},{"@type":"ImageObject","inLanguage":"pt-BR","@id":"https:\/\/culturacruzeiro.com.br\/index.php\/museu-major-novaes\/#primaryimage","url":"https:\/\/culturacruzeiro.com.br\/wp-content\/uploads\/2023\/10\/museu-major-novaes-cruzeiro-sp-3.jpg","contentUrl":"https:\/\/culturacruzeiro.com.br\/wp-content\/uploads\/2023\/10\/museu-major-novaes-cruzeiro-sp-3.jpg","width":1920,"height":1440},{"@type":"BreadcrumbList","@id":"https:\/\/culturacruzeiro.com.br\/index.php\/museu-major-novaes\/#breadcrumb","itemListElement":[{"@type":"ListItem","position":1,"name":"In\u00edcio","item":"https:\/\/culturacruzeiro.com.br\/"},{"@type":"ListItem","position":2,"name":"Museu Major Novaes"}]},{"@type":"WebSite","@id":"https:\/\/culturacruzeiro.com.br\/#website","url":"https:\/\/culturacruzeiro.com.br\/","name":"Secretaria de Cultura de Cruzeiro","description":"","potentialAction":[{"@type":"SearchAction","target":{"@type":"EntryPoint","urlTemplate":"https:\/\/culturacruzeiro.com.br\/?s={search_term_string}"},"query-input":"required name=search_term_string"}],"inLanguage":"pt-BR"}]}},"_links":{"self":[{"href":"https:\/\/culturacruzeiro.com.br\/index.php\/wp-json\/wp\/v2\/pages\/772"}],"collection":[{"href":"https:\/\/culturacruzeiro.com.br\/index.php\/wp-json\/wp\/v2\/pages"}],"about":[{"href":"https:\/\/culturacruzeiro.com.br\/index.php\/wp-json\/wp\/v2\/types\/page"}],"author":[{"embeddable":true,"href":"https:\/\/culturacruzeiro.com.br\/index.php\/wp-json\/wp\/v2\/users\/9"}],"replies":[{"embeddable":true,"href":"https:\/\/culturacruzeiro.com.br\/index.php\/wp-json\/wp\/v2\/comments?post=772"}],"version-history":[{"count":19,"href":"https:\/\/culturacruzeiro.com.br\/index.php\/wp-json\/wp\/v2\/pages\/772\/revisions"}],"predecessor-version":[{"id":3210,"href":"https:\/\/culturacruzeiro.com.br\/index.php\/wp-json\/wp\/v2\/pages\/772\/revisions\/3210"}],"wp:attachment":[{"href":"https:\/\/culturacruzeiro.com.br\/index.php\/wp-json\/wp\/v2\/media?parent=772"}],"curies":[{"name":"wp","href":"https:\/\/api.w.org\/{rel}","templated":true}]}}